{"id":921,"date":"2018-06-25T17:30:00","date_gmt":"2018-06-25T17:30:00","guid":{"rendered":"http:\/\/www.md-clinic.pt\/?page_id=921"},"modified":"2019-07-08T19:31:59","modified_gmt":"2019-07-08T19:31:59","slug":"pedro-viega","status":"publish","type":"page","link":"https:\/\/www.md-clinic.pt\/en\/pedro-viega\/","title":{"rendered":"Pedro Viegas"},"content":{"rendered":"<div class=\"col-lg-12 col-md-12 col-sm-12 col-xs-12\">\r\n<h3>Educa\u00e7\u00e3o<\/h3>\r\n<p style=\"text-align: left;\">2017 &#8211; Instrutor de Chi Kung Terap\u00eautico &#8211; ESMTC &#8211; Lisboa<\/p>\r\n<p style=\"text-align: left;\">2017\u2013 Est\u00e1gio de Instrutor de Chi Kung Terap\u00eautico (Gin\u00e1stica Terap\u00eautica Chinesa, que incorpora, movimentos suaves e fluidos, respira\u00e7\u00e3o, alongamentos e medita\u00e7\u00e3o) &#8211; Lisboa<\/p>\r\n<p style=\"text-align: left;\">2017 \u2013 Workshop \u2013 Sorriso Interior e Seis Sons Curativos \u2013 Projeto Healing Tao &#8211; Lisboa<\/p>\r\n<p style=\"text-align: left;\">2016 &#8211; Terapia Miofascial (Alongamento da rede que envolve todos os \u00f3rg\u00e3os e m\u00fasculos do corpo, que acumula tens\u00f5es f\u00edsicas e emocionais) \u2013 Lisboa<\/p>\r\n<p style=\"text-align: left;\">2016 \u2013 Massagem Chi Nei Tsang (massagem abdominal para reequil\u00edbrio das fun\u00e7\u00f5es f\u00edsicas dos \u00f3rg\u00e3os e regula\u00e7\u00e3o das emo\u00e7\u00f5es e da mente \u2013 Lisboa<\/p>\r\n<p style=\"text-align: left;\">2015 \u2013 3\u00ba N\u00edvel de Reiki \u2013 Instituto Dharma Quan Yin &#8211; Set\u00fabal<\/p>\r\n<p style=\"text-align: left;\">2014 \u2013 Praticante regular de Chi Kung Terap\u00eautico \u2013 ESMTC &#8211; Lisboa<\/p>\r\n<p style=\"text-align: left;\">2014 \u2013 Curso de Massagem Integrada Ayurv\u00e9dica (Massagem Terap\u00eautica Indiana) e Tuina (Massagem Terap\u00eautica Chinesa), ESMTC &#8211; Escola de Medicina Tradicional Chinesa &#8211; Lisboa<\/p>\r\n<p style=\"text-align: left;\">2014 \u2013 2017 \u2013 Ministrou sess\u00f5es de Chi Kung Terap\u00eautico a s\u00e9niores, em regime de voluntariado &#8211; Centro Social Paroquial de Arroios &#8211; Lisboa<\/p>\r\n<p style=\"text-align: left;\">2013 \u2013 Frequentou Aulas regulares de Yoga e Medita\u00e7\u00e3o Anapana &#8211; Set\u00fabal<\/p>\r\n<p style=\"text-align: left;\">2013 \u2013 Est\u00e1gio na empresa Visteon Portuguesa &#8211; Palmela<\/p>\r\n<p style=\"text-align: left;\">2012 \u2013 Mestrado Integrado em Engenharia Mec\u00e2nica \u2013 Ramo de Produ\u00e7\u00e3o \u2013 IST -Instituto Superior T\u00e9cnico &#8211; Lisboa<\/p>\r\n<p style=\"text-align: left;\">2011 \u2013 Tese de Mestrado em Desenvolvimento Sustent\u00e1vel na empresa IHC-Merwede \u2013 Roterd\u00e3o &#8211; Holanda<\/p>\r\n<h3>Profissional<\/h3>\r\n<p style=\"text-align: left;\">2017 \u2013 Instrutor de Chi Kung terap\u00eautico e terapeuta de Massagem Terap\u00eautica \u2013 Espa\u00e7o \u2018\u2019Oct\u00f3gono\u2019\u2019 &#8211; \u00a0Oeiras<\/p>\r\n<p style=\"text-align: left;\">2017 \u2013 Gestor do espa\u00e7o de atividades e terapias, \u2018\u2019Oct\u00f3gono\u2019\u2019 &#8211; Oeiras<\/p>\r\n<p style=\"text-align: left;\">2016 &#8211; Passou a fazer massagem terap\u00eautica a tempo inteiro em 2016, nas vertentes Indiana (\u00c1yurveda), Chinesa (Tuina), Chi Nei Tsang (Abdominal) e Terapia Mio fascial &#8211; Lisboa<\/p>\r\n<p style=\"text-align: left;\">2015 Palmela &#8211; Integrou os quadros da empresa multinacional Visteon, como Engenheiro de Processo.<\/p>\r\n<p style=\"text-align: left;\">2015 &#8211; Iniciou a pr\u00e1tica de Massagem Terap\u00eautica em part-time, fazendo domic\u00edlios e trabalhando com profissionais da f\u00e1brica Visteon Palmela que apresentavam queixas f\u00edsicas &#8211; Set\u00fabal<\/p>\r\n<p style=\"text-align: left;\">2011 \u2013 Criador e Co-Autor da patente \u2013 Sustainable filtering device (Mecanismo para limpar os Oceanos dos pl\u00e1sticos de pequenas dimens\u00f5es) \u2013 empresa IHC-Merwede &#8211; Roterd\u00e3o<\/p>\r\n<p style=\"text-align: left;\">2011 &#8211; Trabalhou como Engenheiro Investigador na empresa IHC-Merwede na \u00e1rea de Desenvolvimento Sustent\u00e1vel \u2013 Roterd\u00e3o &#8211; Holanda<\/p>\r\n<h3>Pessoal<\/h3>\r\n<p style=\"text-align: left;\">Fascinado pelo Ser Humano, e sua intera\u00e7\u00e3o com o Mundo.<\/p>\r\n<p style=\"text-align: left;\">\u201cQuem somos n\u00f3s e qual a nossa Miss\u00e3o?\u201d<\/p>\r\n<p style=\"text-align: left;\">Acredita que tudo est\u00e1 interligado e que o potencial m\u00e1ximo do Ser Humano \u00e9 Amor e Liberdade.<\/p>\r\n<p style=\"text-align: left;\">Descobriu na massagem terap\u00eautica e Chi Kung um meio de trabalhar o corpo, regular emo\u00e7\u00f5es e acalmar a mente. O que se traduz numa harmonia e bem-estar geral, contribuindo para o desbloqueio e amplia\u00e7\u00e3o da m\u00e1xima criatividade e potencial da Pessoa.<\/p>\r\n<p style=\"text-align: left;\">Com as suas massagens prop\u00f5e-se a contribuir para felicidade, equil\u00edbrio e bem-estar de pessoas, fam\u00edlias e sociedade.<\/p>\r\n<p style=\"text-align: left;\">A sua forma\u00e7\u00e3o e experi\u00eancia como Engenheiro de Processo, proporcionou-lhe uma vis\u00e3o integrada e pr\u00e1tica de como fazer a gest\u00e3o do processo emocional e f\u00edsico em conjunto com a pessoa.<\/p>\r\n<h3>Especialidade<\/h3>\r\n<p>Chi Kung Terap\u00eautico<\/p>\r\n<p style=\"text-align: center;\">_______<\/p>\r\n<div class=\"col-lg-12 col-md-12 col-sm-12 col-xs-12\"><a href=\"\/margarida-garcia\/\">Margarida Garcia<\/a><\/div>\r\n<div class=\"col-lg-12 col-md-12 col-sm-12 col-xs-12\"><a href=\"\/pedro-mr-veiga\/\">Pedro MR Veiga<\/a><\/div>\r\n<div class=\"col-lg-12 col-md-12 col-sm-12 col-xs-12\"><a href=\"\/ines-alves\/\">In\u00eas Alves<\/a><\/div>\r\n<div class=\"col-lg-12 col-md-12 col-sm-12 col-xs-12\"><a href=\"\/ana-rita-carmo\/\">Ana Rita Carmo<\/a><\/div>\r\n<div class=\"col-lg-12 col-md-12 col-sm-12 col-xs-12\"><a href=\"\/veronica-pinto-bruesten\/\">Ver\u00f3nica Pinto-Bruesten<\/a><\/div>\r\n<div class=\"col-lg-12 col-md-12 col-sm-12 col-xs-12\"><a href=\"\/ana-galhardo\/\">Ana Galhardo<\/a><\/div>\r\n<div class=\"col-lg-12 col-md-12 col-sm-12 col-xs-12\"><a href=\"\/vera-sedas\/\">Vera Sedas<\/a><\/div>\r\n<div class=\"col-lg-12 col-md-12 col-sm-12 col-xs-12\"><a href=\"\/marcia-sampaio\/\">M\u00e1rcia Sampaio<\/a><\/div>\r\n<div><a href=\"\/miguel-lopes\/\">Miguel Lopes<\/a><\/div>\r\n<div><a href=\"\/diana-pinheiro\/\">Diana Pinheiro<\/a><\/div>\r\n<div>Pedro Viegas<\/div>\r\n<div><a href=\"\/ana-julia-lima\/\">Ana J\u00falia Lima<\/a><\/div>\r\n<div><a href=\"\/sascha-anna-vriend\/\">Sascha Anna Vriend<\/a><\/div>\r\n<div><a href=\"\/carina-guerreiro\/\">Carina Guerreiro<\/a><\/div>","protected":false},"excerpt":{"rendered":"<p>Educa\u00e7\u00e3o 2017 &#8211; Instrutor de Chi Kung Terap\u00eautico &#8211; ESMTC &#8211; Lisboa 2017\u2013 Est\u00e1gio de Instrutor de Chi Kung Terap\u00eautico (Gin\u00e1stica Terap\u00eautica Chinesa, que incorpora, movimentos suaves e fluidos, respira\u00e7\u00e3o, alongamentos e medita\u00e7\u00e3o) &#8211; Lisboa 2017 \u2013 Workshop \u2013 Sorriso Interior e Seis Sons Curativos \u2013 Projeto Healing Tao &#8211; Lisboa 2016 &#8211; Terapia Miofascial &hellip; <a href=\"https:\/\/www.md-clinic.pt\/en\/pedro-viega\/\" class=\"more-link\">Ler mais<span class=\"screen-reader-text\"> &#8220;Pedro Viegas&#8221;<\/span><\/a><\/p>\n","protected":false},"author":3,"featured_media":1309,"parent":0,"menu_order":0,"comment_status":"closed","ping_status":"closed","template":"","meta":{"footnotes":""},"class_list":["post-921","page","type-page","status-publish","has-post-thumbnail","hentry"],"_links":{"self":[{"href":"https:\/\/www.md-clinic.pt\/en\/wp-json\/wp\/v2\/pages\/921","targetHints":{"allow":["GET"]}}],"collection":[{"href":"https:\/\/www.md-clinic.pt\/en\/wp-json\/wp\/v2\/pages"}],"about":[{"href":"https:\/\/www.md-clinic.pt\/en\/wp-json\/wp\/v2\/types\/page"}],"author":[{"embeddable":true,"href":"https:\/\/www.md-clinic.pt\/en\/wp-json\/wp\/v2\/users\/3"}],"replies":[{"embeddable":true,"href":"https:\/\/www.md-clinic.pt\/en\/wp-json\/wp\/v2\/comments?post=921"}],"version-history":[{"count":30,"href":"https:\/\/www.md-clinic.pt\/en\/wp-json\/wp\/v2\/pages\/921\/revisions"}],"predecessor-version":[{"id":1624,"href":"https:\/\/www.md-clinic.pt\/en\/wp-json\/wp\/v2\/pages\/921\/revisions\/1624"}],"wp:featuredmedia":[{"embeddable":true,"href":"https:\/\/www.md-clinic.pt\/en\/wp-json\/wp\/v2\/media\/1309"}],"wp:attachment":[{"href":"https:\/\/www.md-clinic.pt\/en\/wp-json\/wp\/v2\/media?parent=921"}],"curies":[{"name":"wp","href":"https:\/\/api.w.org\/{rel}","templated":true}]}}