{"id":861,"date":"2018-06-23T13:53:02","date_gmt":"2018-06-23T13:53:02","guid":{"rendered":"http:\/\/www.md-clinic.pt\/?page_id=861"},"modified":"2019-07-23T17:02:45","modified_gmt":"2019-07-23T17:02:45","slug":"miguel-lopes","status":"publish","type":"page","link":"https:\/\/www.md-clinic.pt\/en\/miguel-lopes\/","title":{"rendered":"Miguel Lopes"},"content":{"rendered":"<div class=\"col-lg-12 col-md-12 col-sm-12 col-xs-12\">\r\n<h3><span style=\"font-size: 14pt;\"><strong>Educa\u00e7\u00e3o<\/strong><\/span><\/h3>\r\n<p style=\"text-align: left;\">Licenciatura em Bioqu\u00edmica pela Universidade de Coimbra.<\/p>\r\n<p style=\"text-align: left;\">1988 a 1992, estagi\u00e1rio no departamento de Anatomia Patol\u00f3gica da Faculdade de Medicina de Coimbra, na \u00e1rea dos marcadores tumorais.<\/p>\r\n<p style=\"text-align: left;\">Curso de Naturalogia e Dietista pelo Instituto M\u00e9dico Naturista , 1990 a 1993 .<\/p>\r\n<h3><span style=\"font-size: 14pt;\"><strong>Forma\u00e7\u00e3o Complementar<\/strong><\/span><\/h3>\r\n<p style=\"text-align: left;\">Curso de Enzimoterapia, Mucos Pharma, Alemanha 1992.<\/p>\r\n<p style=\"text-align: left;\">Curso de Terapia Biomolecular, Vitorgan, Alemanha 1992.<\/p>\r\n<p style=\"text-align: left;\">Curso de Microscopia de Campo Escuro, Institut Wickert fur Naturmedizin, Alemanha 1999.<\/p>\r\n<p style=\"text-align: left;\">Forma\u00e7\u00e3o complementar em Nutri\u00e7\u00e3o Ortomolecular, pelo Instituto Portugu\u00eas Naturalogia, 2015.<\/p>\r\n<p style=\"text-align: left;\">Forma\u00e7\u00e3o complementar em Atendimento Naturol\u00f3gico, IPN, 2015.<\/p>\r\n<h3><strong><span style=\"font-size: 14pt;\">Profissional<\/span><\/strong><\/h3>\r\n<p style=\"text-align: left;\">Especialista em Naturopatia e Microscopia de Campo Escuro, com c\u00e9dula profissional n\u00famero 0300070 emitida pela ACSS em 30-11-2016.<\/p>\r\n<p style=\"text-align: left;\">Vinte anos de experi\u00eancia, a trabalhar em diversos consult\u00f3rios e cl\u00ednicas, aconselhando e prescrevendo suplementos alimentares e tratamentos na \u00e1rea da Naturopatia.<\/p>\r\n<p style=\"text-align: left;\">Professor e formador de cursos profissionais de Microscopia de Campo Escuro.<\/p>\r\n<h3>Especialidade<\/h3>\r\n<p><a href=\"\/naturopatia-ortomolecular-microscopia-de-campo-escuro\">Naturopatia Ortomolecular<\/a><\/p>\r\n<p style=\"text-align: center;\">_______<\/p>\r\n<div class=\"col-lg-12 col-md-12 col-sm-12 col-xs-12\">\r\n<div class=\"col-lg-12 col-md-12 col-sm-12 col-xs-12\"><a href=\"\/margarida-garcia\/\">Margarida Garcia<\/a><\/div>\r\n<div class=\"col-lg-12 col-md-12 col-sm-12 col-xs-12\"><a href=\"\/pedro-mr-veiga\/\">Pedro MR Veiga<\/a><\/div>\r\n<div class=\"col-lg-12 col-md-12 col-sm-12 col-xs-12\"><a href=\"\/ines-alves\/\">In\u00eas Alves<\/a><\/div>\r\n<div class=\"col-lg-12 col-md-12 col-sm-12 col-xs-12\"><a href=\"\/ana-rita-carmo\/\">Ana Rita Carmo<\/a><\/div>\r\n<div class=\"col-lg-12 col-md-12 col-sm-12 col-xs-12\"><a href=\"\/veronica-pinto-bruesten\/\">Ver\u00f3nica Pinto-Bruesten<\/a><\/div>\r\n<div class=\"col-lg-12 col-md-12 col-sm-12 col-xs-12\"><a href=\"\/ana-galhardo\/\">Ana Galhardo<\/a><\/div>\r\n<div class=\"col-lg-12 col-md-12 col-sm-12 col-xs-12\"><a href=\"\/vera-sedas\/\">Vera Sedas<\/a><\/div>\r\n<div class=\"col-lg-12 col-md-12 col-sm-12 col-xs-12\"><a href=\"\/marcia-sampaio\/\">M\u00e1rcia Sampaio<\/a><\/div>\r\n<div>Miguel Lopes<\/div>\r\n<div><a href=\"\/diana-pinheiro\/\">Diana Pinheiro<\/a><\/div>\r\n<div><a href=\"\/pedro-viega\/\">Pedro Viegas<\/a><\/div>\r\n<div><a href=\"\/ana-julia-lima\/\">Ana J\u00falia Lima<\/a><\/div>\r\n<div><a href=\"\/sascha-anna-vriend\/\">Sascha Anna Vriend<\/a><\/div>\r\n<div><a href=\"\/carina-guerreiro\/\">Carina Guerreiro<\/a><\/div>\r\n<\/div>\r\n<\/div>","protected":false},"excerpt":{"rendered":"<p>Educa\u00e7\u00e3o Licenciatura em Bioqu\u00edmica pela Universidade de Coimbra. 1988 a 1992, estagi\u00e1rio no departamento de Anatomia Patol\u00f3gica da Faculdade de Medicina de Coimbra, na \u00e1rea dos marcadores tumorais. Curso de Naturalogia e Dietista pelo Instituto M\u00e9dico Naturista , 1990 a 1993 . Forma\u00e7\u00e3o Complementar Curso de Enzimoterapia, Mucos Pharma, Alemanha 1992. Curso de Terapia Biomolecular, &hellip; <a href=\"https:\/\/www.md-clinic.pt\/en\/miguel-lopes\/\" class=\"more-link\">Ler mais<span class=\"screen-reader-text\"> &#8220;Miguel Lopes&#8221;<\/span><\/a><\/p>\n","protected":false},"author":3,"featured_media":1319,"parent":0,"menu_order":0,"comment_status":"closed","ping_status":"closed","template":"","meta":{"footnotes":""},"class_list":["post-861","page","type-page","status-publish","has-post-thumbnail","hentry"],"_links":{"self":[{"href":"https:\/\/www.md-clinic.pt\/en\/wp-json\/wp\/v2\/pages\/861","targetHints":{"allow":["GET"]}}],"collection":[{"href":"https:\/\/www.md-clinic.pt\/en\/wp-json\/wp\/v2\/pages"}],"about":[{"href":"https:\/\/www.md-clinic.pt\/en\/wp-json\/wp\/v2\/types\/page"}],"author":[{"embeddable":true,"href":"https:\/\/www.md-clinic.pt\/en\/wp-json\/wp\/v2\/users\/3"}],"replies":[{"embeddable":true,"href":"https:\/\/www.md-clinic.pt\/en\/wp-json\/wp\/v2\/comments?post=861"}],"version-history":[{"count":30,"href":"https:\/\/www.md-clinic.pt\/en\/wp-json\/wp\/v2\/pages\/861\/revisions"}],"predecessor-version":[{"id":1645,"href":"https:\/\/www.md-clinic.pt\/en\/wp-json\/wp\/v2\/pages\/861\/revisions\/1645"}],"wp:featuredmedia":[{"embeddable":true,"href":"https:\/\/www.md-clinic.pt\/en\/wp-json\/wp\/v2\/media\/1319"}],"wp:attachment":[{"href":"https:\/\/www.md-clinic.pt\/en\/wp-json\/wp\/v2\/media?parent=861"}],"curies":[{"name":"wp","href":"https:\/\/api.w.org\/{rel}","templated":true}]}}