{"id":198,"date":"2017-03-27T09:41:19","date_gmt":"2017-03-27T09:41:19","guid":{"rendered":"http:\/\/dev.md-clinic.pt\/?page_id=198"},"modified":"2019-07-08T17:20:56","modified_gmt":"2019-07-08T17:20:56","slug":"vera-sedas","status":"publish","type":"page","link":"https:\/\/www.md-clinic.pt\/en\/vera-sedas\/","title":{"rendered":"Vera Sedas"},"content":{"rendered":"<div class=\"col-lg-12 col-md-12 col-sm-12 col-xs-12\">\r\n<h3>Educa\u00e7\u00e3o<\/h3>\r\n<p>2013\/2017 &#8211; Atualiza\u00e7\u00f5es em Micronutri\u00e7\u00e3o Dr. R\u00e9gies Grosdidier e Roni Moya (Nutergia).<br \/>\r\n2016 &#8211; Especializa\u00e7\u00e3o em Nutricoaching &#8211; Instituto Nutricoaching Joana Carvalho Costa.<br \/>\r\n2007\/2016 &#8211; Participa\u00e7\u00e3o nos congressos de Nutri\u00e7\u00e3o (APN) e cursos de atualiza\u00e7\u00e3o em Nutri\u00e7\u00e3o Cl\u00ednica (IEM) e no Desporto (ESTSL).<br \/>\r\n2013 &#8211; Curso de Mesoterapia Homeop\u00e1tica (Maria Fernanda Cunha).<br \/>\r\n2006\/2011 &#8211; Licenciatura em Ci\u00eancias da Nutri\u00e7\u00e3o pela Atl\u00e2ntica University Higher Institution Oeiras.<br \/>\r\n2004\/2007 &#8211; Drenagem linf\u00e1tica manual, m\u00e9todo vacuum linf\u00e1tica (SILD) e Vodder (Carla Jacinto).<br \/>\r\n2002\/2007 &#8211; Massoterapeuta Integrativa \u2013 Forma\u00e7\u00f5es em Massagem Ayurv\u00e9dica (ALBA), Californiana (IEFP), Massagem Geotermal (Confort Zone), Reflexologia Podal (IEFP), Reiki I, II, III (Alianza Argentina De Maetros de persnoneria jur\u00eddica n\u00ba 23.644), Aromaterapia (Mon Deconatur) e Curso Profissionalizante n\u00edvel 3 de Est\u00e9tica e Cosmetologia (IEFP).<\/p>\r\n<\/div>\r\n<div class=\"col-lg-12 col-md-12 col-sm-12 col-xs-12\">\r\n<h3>Profissional<\/h3>\r\n<p>2011\/2017 &#8211; Prestadora de consultadoria Nutricional.<br \/>\r\n2006\/2017 &#8211; Presta\u00e7\u00e3o de servi\u00e7os de Massoterapeuta integrativa.<br \/>\r\n2010\/2011 &#8211; Est\u00e1gio acad\u00e9mico no Hospital Dona Estef\u00e2nia nas v\u00e1rias \u00e1reas da nutri\u00e7\u00e3o cl\u00ednica, acompanhando gestantes e crian\u00e7as dos 0 aos 18 anos e no Espa\u00e7o S (CMC), dedicado a sa\u00fade e de jovens dos 6 aos 24 anos.<br \/>\r\n2003\/2006 &#8211; Massoterapeuta integrativa \u2013 Health and Raquet Club \u2013 Quinta da Marinha.<br \/>\r\n2002 &#8211; Administrativa na Cl\u00ednica Dr. Lu\u00eds Novais e Dra. Manuela Novais.<\/p>\r\n<\/div>\r\n<div class=\"col-lg-12 col-md-12 col-sm-12 col-xs-12\">\r\n<h3>Pessoal<\/h3>\r\n<p>Eterna aprendiz e pesquisadora de todas as formas em que o corpo e a mente se ligam, desde os fatores nutricionais aos desbloqueios do corpo e da mente. Fascinada pelo ser como um todo, procura formas de tornar cada contacto terap\u00eautico \u00fanico, visando sempre a sublima\u00e7\u00e3o f\u00edsica e emocional adaptada a cada um. Potenciar todo o ser \u00e9 um objetivo terap\u00eautico procurado.<\/p>\r\n<\/div>\r\n<div class=\"col-lg-12 col-md-12 col-sm-12 col-xs-12\">\r\n<h3>Especialidade<\/h3>\r\n<p><span style=\"color: #25cbd3;\"><a href=\"\/nutricao-integrativa\/\">Nutri\u00e7\u00e3o Integrativa<\/a><br \/>\r\n<br \/>\r\n<\/span><\/p>\r\n<\/div>\r\n<div class=\"col-lg-12 col-md-12 col-sm-12 col-xs-12\">\u00a0<\/div>\r\n<div class=\"col-lg-12 col-md-12 col-sm-12 col-xs-12\">\r\n<div class=\"separator\">\u00a0<\/div>\r\n<\/div>\r\n<div class=\"col-lg-12 col-md-12 col-sm-12 col-xs-12\">\u00a0<\/div>\r\n<div class=\"col-lg-12 col-md-12 col-sm-12 col-xs-12\">\r\n<div class=\"col-lg-12 col-md-12 col-sm-12 col-xs-12\">\r\n<div class=\"col-lg-12 col-md-12 col-sm-12 col-xs-12\"><a href=\"\/margarida-garcia\/\">Margarida Garcia<\/a><\/div>\r\n<div class=\"col-lg-12 col-md-12 col-sm-12 col-xs-12\"><a href=\"\/pedro-mr-veiga\/\">Pedro MR Veiga<\/a><\/div>\r\n<div class=\"col-lg-12 col-md-12 col-sm-12 col-xs-12\"><a href=\"\/ines-alves\/\">In\u00eas Alves<\/a><\/div>\r\n<div class=\"col-lg-12 col-md-12 col-sm-12 col-xs-12\"><a href=\"\/ana-rita-carmo\/\">Ana Rita Carmo<\/a><\/div>\r\n<div class=\"col-lg-12 col-md-12 col-sm-12 col-xs-12\"><a href=\"\/veronica-pinto-bruesten\/\">Ver\u00f3nica Pinto-Bruesten<\/a><\/div>\r\n<div class=\"col-lg-12 col-md-12 col-sm-12 col-xs-12\"><a href=\"\/ana-galhardo\/\">Ana Galhardo<\/a><\/div>\r\n<div class=\"col-lg-12 col-md-12 col-sm-12 col-xs-12\">Vera Sedas<\/div>\r\n<div class=\"col-lg-12 col-md-12 col-sm-12 col-xs-12\"><a href=\"\/marcia-sampaio\/\">M\u00e1rcia Sampaio<\/a><\/div>\r\n<div><a href=\"http:\/\/www.md-clinic.pt\/miguel-lopes\/\">Miguel Lopes<\/a><\/div>\r\n<div><a href=\"\/diana-pinheiro\/\">Diana Pinheiro<\/a><\/div>\r\n<div><a href=\"\/pedro-viega\/\">Pedro Viegas<\/a><\/div>\r\n<div><a href=\"\/ana-julia-lima\/\">Ana J\u00falia Lima<\/a><\/div>\r\n<div><a href=\"\/sascha-anna-vriend\/\">Sascha Anna Vriend<\/a><\/div>\r\n<div><a href=\"\/carina-guerreiro\/\">Carina Guerreiro<\/a><\/div>\r\n<\/div>\r\n<\/div>","protected":false},"excerpt":{"rendered":"<p>Educa\u00e7\u00e3o 2013\/2017 &#8211; Atualiza\u00e7\u00f5es em Micronutri\u00e7\u00e3o Dr. R\u00e9gies Grosdidier e Roni Moya (Nutergia). 2016 &#8211; Especializa\u00e7\u00e3o em Nutricoaching &#8211; Instituto Nutricoaching Joana Carvalho Costa. 2007\/2016 &#8211; Participa\u00e7\u00e3o nos congressos de Nutri\u00e7\u00e3o (APN) e cursos de atualiza\u00e7\u00e3o em Nutri\u00e7\u00e3o Cl\u00ednica (IEM) e no Desporto (ESTSL). 2013 &#8211; Curso de Mesoterapia Homeop\u00e1tica (Maria Fernanda Cunha). 2006\/2011 &#8211; &hellip; <a href=\"https:\/\/www.md-clinic.pt\/en\/vera-sedas\/\" class=\"more-link\">Ler mais<span class=\"screen-reader-text\"> &#8220;Vera Sedas&#8221;<\/span><\/a><\/p>\n","protected":false},"author":1,"featured_media":199,"parent":0,"menu_order":0,"comment_status":"closed","ping_status":"closed","template":"","meta":{"footnotes":""},"class_list":["post-198","page","type-page","status-publish","has-post-thumbnail","hentry"],"_links":{"self":[{"href":"https:\/\/www.md-clinic.pt\/en\/wp-json\/wp\/v2\/pages\/198","targetHints":{"allow":["GET"]}}],"collection":[{"href":"https:\/\/www.md-clinic.pt\/en\/wp-json\/wp\/v2\/pages"}],"about":[{"href":"https:\/\/www.md-clinic.pt\/en\/wp-json\/wp\/v2\/types\/page"}],"author":[{"embeddable":true,"href":"https:\/\/www.md-clinic.pt\/en\/wp-json\/wp\/v2\/users\/1"}],"replies":[{"embeddable":true,"href":"https:\/\/www.md-clinic.pt\/en\/wp-json\/wp\/v2\/comments?post=198"}],"version-history":[{"count":16,"href":"https:\/\/www.md-clinic.pt\/en\/wp-json\/wp\/v2\/pages\/198\/revisions"}],"predecessor-version":[{"id":1468,"href":"https:\/\/www.md-clinic.pt\/en\/wp-json\/wp\/v2\/pages\/198\/revisions\/1468"}],"wp:featuredmedia":[{"embeddable":true,"href":"https:\/\/www.md-clinic.pt\/en\/wp-json\/wp\/v2\/media\/199"}],"wp:attachment":[{"href":"https:\/\/www.md-clinic.pt\/en\/wp-json\/wp\/v2\/media?parent=198"}],"curies":[{"name":"wp","href":"https:\/\/api.w.org\/{rel}","templated":true}]}}