{"id":183,"date":"2017-03-27T09:39:42","date_gmt":"2017-03-27T09:39:42","guid":{"rendered":"http:\/\/dev.md-clinic.pt\/?page_id=183"},"modified":"2019-07-08T17:34:26","modified_gmt":"2019-07-08T17:34:26","slug":"ines-alves","status":"publish","type":"page","link":"https:\/\/www.md-clinic.pt\/en\/ines-alves\/","title":{"rendered":"In\u00eas Alves"},"content":{"rendered":"<div class=\"col-lg-12 col-md-12 col-sm-12 col-xs-12\">\r\n<h3>Educa\u00e7\u00e3o<\/h3>\r\n<p>2016 &#8211; Forma\u00e7\u00e3o sobre Disfun\u00e7\u00f5es do Sistema Neuro end\u00f3crino &#8211; terapia manual.<br \/>\r\n2016 &#8211; Est\u00e1gio em Osteopatia pela Cl\u00ednica da EOM \u2013 Madrid.<br \/>\r\n2011\/2016 &#8211; Osteopatia pela Escola de Osteopatia de Madrid (EOM).<br \/>\r\n2009 &#8211; Forma\u00e7\u00e3o sobre Bandas Neuromusculares (Kinesiotape), Pilates, Mobiliza\u00e7\u00e3o do Sistema Neuromen\u00edngeo e Pontos Gatilho (Salamanca -Espanha).<br \/>\r\n2007 &#8211; P\u00f3s-gradua\u00e7\u00e3o na \u00e1rea da sa\u00fade da Mulher \u2013 prepara\u00e7\u00e3o para o nascimento e p\u00f3s parto.<br \/>\r\n2008 &#8211; Forma\u00e7\u00e3o em Drenagem Linf\u00e1tica Manual (M\u00e9todo Leduc).<br \/>\r\n2003\/2007 &#8211; Licenciatura em Fisioterapia pela Escola Superior de Tecnologia da Sa\u00fade de Lisboa (ESTeSL).<\/p>\r\n<\/div>\r\n<div class=\"col-lg-12 col-md-12 col-sm-12 col-xs-12\">\r\n<h3>Profissional<\/h3>\r\n<p>Desde 2015, exerce tamb\u00e9m Osteopatia em diversas cl\u00ednicas na \u00e1rea da grande Lisboa. Participou e integrou comiss\u00f5es organizadoras de congressos na \u00e1rea da fisioterapia. Desde de 2008 que exerce fun\u00e7\u00f5es como Fisioterapeuta em \u00e2mbito privado (cl\u00ednicas e clubes desportivos) nas \u00e1reas de ortopedia, respirat\u00f3ria, pediatria e sa\u00fade da mulher.<\/p>\r\n<\/div>\r\n<div class=\"col-lg-12 col-md-12 col-sm-12 col-xs-12\">\r\n<h3>Pessoal<\/h3>\r\n<p>Eterna apaixonada pelo Ser e o Saber, desde sempre tentou aliar uma mente inquieta na busca de conhecimento em diferentes \u00e1reas do saber com o desenvolvimento das rela\u00e7\u00f5es humanas. Por isso, no seu dia-a-dia, tenta ajudar o pr\u00f3ximo com o seu conhecimento, experi\u00eancia e sorriso. Privilegia o bem-estar e adora viajar, conhecer novas culturas, costumes e provar a sua gastronomia.<\/p>\r\n<p>E como diz Agostinho da Silva:<br \/>\r\n&#8220;Tenta n\u00e3o fazer planos para a vida para n\u00e3o estragar os planos que a vida tem para ti&#8221;.<\/p>\r\n<\/div>\r\n<div class=\"col-lg-12 col-md-12 col-sm-12 col-xs-12\">\r\n<h3>Especialidade<\/h3>\r\n<p><span style=\"color: #25cbd3;\"><a href=\"\/osteopatia\/\">Osteopatia \/ Fisioterapia<\/a><\/span><\/p>\r\n<\/div>\r\n<div class=\"col-lg-12 col-md-12 col-sm-12 col-xs-12\">\u00a0<\/div>\r\n<div class=\"col-lg-12 col-md-12 col-sm-12 col-xs-12\">\r\n<div class=\"separator\">\u00a0<\/div>\r\n<\/div>\r\n<div class=\"col-lg-12 col-md-12 col-sm-12 col-xs-12\">\u00a0<\/div>\r\n<div class=\"col-lg-12 col-md-12 col-sm-12 col-xs-12\">\r\n<div class=\"col-lg-12 col-md-12 col-sm-12 col-xs-12\">\r\n<div class=\"col-lg-12 col-md-12 col-sm-12 col-xs-12\"><a href=\"\/margarida-garcia\/\">Margarida Garcia<\/a><\/div>\r\n<div class=\"col-lg-12 col-md-12 col-sm-12 col-xs-12\"><a href=\"\/pedro-mr-veiga\/\">Pedro MR Veiga<\/a><\/div>\r\n<div class=\"col-lg-12 col-md-12 col-sm-12 col-xs-12\">In\u00eas Alves<\/div>\r\n<div class=\"col-lg-12 col-md-12 col-sm-12 col-xs-12\"><a href=\"\/ana-rita-carmo\/\">Ana Rita Carmo<\/a><\/div>\r\n<div class=\"col-lg-12 col-md-12 col-sm-12 col-xs-12\"><a href=\"\/veronica-pinto-bruesten\/\">Ver\u00f3nica Pinto-Bruesten<\/a><\/div>\r\n<div class=\"col-lg-12 col-md-12 col-sm-12 col-xs-12\"><a href=\"\/ana-galhardo\/\">Ana Galhardo<\/a><\/div>\r\n<div class=\"col-lg-12 col-md-12 col-sm-12 col-xs-12\"><a href=\"\/vera-sedas\/\">Vera Sedas<\/a><\/div>\r\n<div class=\"col-lg-12 col-md-12 col-sm-12 col-xs-12\"><a href=\"\/marcia-sampaio\/\">M\u00e1rcia Sampaio<\/a><\/div>\r\n<div><a href=\"\/miguel-lopes\/\">Miguel Lopes<\/a><\/div>\r\n<div><a href=\"\/diana-pinheiro\/\">Diana Pinheiro<\/a><\/div>\r\n<div><a href=\"\/pedro-viega\/\">Pedro Viegas<\/a><\/div>\r\n<div><a href=\"\/ana-julia-lima\/\">Ana J\u00falia Lima<\/a><\/div>\r\n<div><a href=\"\/sascha-anna-vriend\/\">Sasha Anna Vriend<\/a><\/div>\r\n<div><a href=\"\/carina-guerreiro\/\">Carina Guerreiro<\/a><\/div>\r\n<\/div>\r\n<\/div>","protected":false},"excerpt":{"rendered":"<p>Educa\u00e7\u00e3o 2016 &#8211; Forma\u00e7\u00e3o sobre Disfun\u00e7\u00f5es do Sistema Neuro end\u00f3crino &#8211; terapia manual. 2016 &#8211; Est\u00e1gio em Osteopatia pela Cl\u00ednica da EOM \u2013 Madrid. 2011\/2016 &#8211; Osteopatia pela Escola de Osteopatia de Madrid (EOM). 2009 &#8211; Forma\u00e7\u00e3o sobre Bandas Neuromusculares (Kinesiotape), Pilates, Mobiliza\u00e7\u00e3o do Sistema Neuromen\u00edngeo e Pontos Gatilho (Salamanca -Espanha). 2007 &#8211; P\u00f3s-gradua\u00e7\u00e3o na &hellip; <a href=\"https:\/\/www.md-clinic.pt\/en\/ines-alves\/\" class=\"more-link\">Ler mais<span class=\"screen-reader-text\"> &#8220;In\u00eas Alves&#8221;<\/span><\/a><\/p>\n","protected":false},"author":1,"featured_media":184,"parent":0,"menu_order":0,"comment_status":"closed","ping_status":"closed","template":"","meta":{"footnotes":""},"class_list":["post-183","page","type-page","status-publish","has-post-thumbnail","hentry"],"_links":{"self":[{"href":"https:\/\/www.md-clinic.pt\/en\/wp-json\/wp\/v2\/pages\/183","targetHints":{"allow":["GET"]}}],"collection":[{"href":"https:\/\/www.md-clinic.pt\/en\/wp-json\/wp\/v2\/pages"}],"about":[{"href":"https:\/\/www.md-clinic.pt\/en\/wp-json\/wp\/v2\/types\/page"}],"author":[{"embeddable":true,"href":"https:\/\/www.md-clinic.pt\/en\/wp-json\/wp\/v2\/users\/1"}],"replies":[{"embeddable":true,"href":"https:\/\/www.md-clinic.pt\/en\/wp-json\/wp\/v2\/comments?post=183"}],"version-history":[{"count":20,"href":"https:\/\/www.md-clinic.pt\/en\/wp-json\/wp\/v2\/pages\/183\/revisions"}],"predecessor-version":[{"id":1116,"href":"https:\/\/www.md-clinic.pt\/en\/wp-json\/wp\/v2\/pages\/183\/revisions\/1116"}],"wp:featuredmedia":[{"embeddable":true,"href":"https:\/\/www.md-clinic.pt\/en\/wp-json\/wp\/v2\/media\/184"}],"wp:attachment":[{"href":"https:\/\/www.md-clinic.pt\/en\/wp-json\/wp\/v2\/media?parent=183"}],"curies":[{"name":"wp","href":"https:\/\/api.w.org\/{rel}","templated":true}]}}