{"id":177,"date":"2017-03-27T09:39:03","date_gmt":"2017-03-27T09:39:03","guid":{"rendered":"http:\/\/dev.md-clinic.pt\/?page_id=177"},"modified":"2019-07-08T17:47:38","modified_gmt":"2019-07-08T17:47:38","slug":"margarida-garcia","status":"publish","type":"page","link":"https:\/\/www.md-clinic.pt\/en\/margarida-garcia\/","title":{"rendered":"Margarida Garcia"},"content":{"rendered":"<div class=\"col-lg-12 col-md-12 col-sm-12 col-xs-12\">\r\n<h3>Educa\u00e7\u00e3o<\/h3>\r\n<p>Nanjing 2009 &#8211; Especialista Internista em Medicina Tradicional Chinesa pela Universidade de Nanjing.<br \/>\r\nLisboa 2009 &#8211; Licenciatura em Medicina Tradicional Chinesa, ESMTC.<br \/>\r\nLos Angeles 2005 &#8211; Especialista master em Biofeedback &#8211; Medicina Qu\u00e2ntica, pelo Quantum Centre of Excellence.<br \/>\r\nLondres 2004 &#8211; Licenciatura em Filosofia pela University of London.<br \/>\r\nLondres 2000 &#8211; Curso de Primeiros Socorros pelo St John&#8217;s Ambulance Award.<\/p>\r\n<\/div>\r\n<div class=\"col-lg-12 col-md-12 col-sm-12 col-xs-12\">\r\n<h3>Profissional<\/h3>\r\n<p>1998\/2005 &#8211; Respons\u00e1vel pelo desenvolvimento e implementa\u00e7\u00e3o de planos de assist\u00eancia social pela Cruz Vermelha Portuguesa e Unicef relacionados com projetos para uma melhor inf\u00e2ncia.<br \/>\r\n2005\/2017 &#8211; Aplica todas a suas Especialidades em ambiente cl\u00ednico em Portugal, outros pa\u00edses Europeus, Estados Unidos e \u00c1frica, participando em in\u00fameras p\u00f3s-gradua\u00e7\u00f5es, forma\u00e7\u00f5es e congressos na \u00e1rea da Sa\u00fade. Trabalhou na implementa\u00e7\u00e3o de j\u00e1 duas equipas de trabalho cl\u00ednico que visam integrar o conhecimento das v\u00e1rias \u00e1reas da Medicina Alop\u00e1tica e da Medicina Complementar.<br \/>\r\nA MD | Medical Clinic for Wellness, no Estoril, \u00e9 o seu mais recente projeto de Medicina Integrativa.<\/p>\r\n<\/div>\r\n<div class=\"col-lg-12 col-md-12 col-sm-12 col-xs-12\">\r\n<h3>Pessoal<\/h3>\r\n<p>\u00c1vida buscadora dos processos humanos e humanistas, quer no seu \u00e2mbito bioqu\u00edmico e fisiol\u00f3gico, quer na sua vertente mais pol\u00edtico-sociol\u00f3gica. Entrega-se com dedica\u00e7\u00e3o profunda ao aperfei\u00e7oamento do bem-tratar e cuidar do ser humano. Amante da natureza e das rela\u00e7\u00f5es humanas, apreciadora das suas mais diversas formas de express\u00e3o criativas e art\u00edsticas.<\/p>\r\n<\/div>\r\n<div class=\"col-lg-12 col-md-12 col-sm-12 col-xs-12\">\r\n<h3>Especialidade<\/h3>\r\n<p><span style=\"color: #25cbd3;\"><a href=\"\/medicina-quantica\/\">Medicina Qu\u00e2ntica<\/a><br \/>\r\n<a href=\"\/medicina-tradicional-chinesa\/\">Medicina Tradicional Chinesa\/Acupunctura<\/a><br \/>\r\n<a href=\"\/desenvolvimento-na-aprendizagem\/\">Desenvolvimento na Aprendizagem<\/a><\/span><\/p>\r\n<\/div>\r\n<div class=\"col-lg-12 col-md-12 col-sm-12 col-xs-12\">\u00a0<\/div>\r\n<div class=\"col-lg-12 col-md-12 col-sm-12 col-xs-12\">\r\n<div class=\"separator\">\u00a0<\/div>\r\n<\/div>\r\n<div class=\"col-lg-12 col-md-12 col-sm-12 col-xs-12\">\u00a0<\/div>\r\n<div class=\"col-lg-12 col-md-12 col-sm-12 col-xs-12\">\r\n<div class=\"col-lg-12 col-md-12 col-sm-12 col-xs-12\">\r\n<div class=\"col-lg-12 col-md-12 col-sm-12 col-xs-12\">Margarida Garcia<\/div>\r\n<div class=\"col-lg-12 col-md-12 col-sm-12 col-xs-12\"><a href=\"\/pedro-mr-veiga\/\">Pedro MR Veiga<\/a><\/div>\r\n<div class=\"col-lg-12 col-md-12 col-sm-12 col-xs-12\"><a href=\"\/ines-alves\/\">In\u00eas Alves<\/a><\/div>\r\n<div class=\"col-lg-12 col-md-12 col-sm-12 col-xs-12\"><a href=\"\/ana-rita-carmo\/\">Ana Rita Carmo<\/a><\/div>\r\n<div class=\"col-lg-12 col-md-12 col-sm-12 col-xs-12\"><a href=\"\/veronica-pinto-bruesten\/\">Ver\u00f3nica Pinto-Bruesten<\/a><\/div>\r\n<div class=\"col-lg-12 col-md-12 col-sm-12 col-xs-12\"><a href=\"\/ana-galhardo\/\">Ana Galhardo<\/a><\/div>\r\n<div class=\"col-lg-12 col-md-12 col-sm-12 col-xs-12\"><a href=\"\/vera-sedas\/\">Vera Sedas<\/a><\/div>\r\n<div class=\"col-lg-12 col-md-12 col-sm-12 col-xs-12\"><a href=\"\/marcia-sampaio\/\">M\u00e1rcia Sampaio<\/a><\/div>\r\n<div><a href=\"\/miguel-lopes\/\">Miguel Lopes<\/a><\/div>\r\n<div><a href=\"\/diana-pinheiro\/\">Diana Pinheiro<\/a><\/div>\r\n<div><a href=\"\/pedro-viega\/\">Pedro Viegas<\/a><\/div>\r\n<div><a href=\"\/ana-julia-lima\/\">Ana J\u00falia Lima<\/a><\/div>\r\n<div><a href=\"\/sascha-anna-vriend\/\">Sascha Anna Vriend<\/a><\/div>\r\n<div><a href=\"\/carina-guerreiro\/\">Carina Guerreiro<\/a><\/div>\r\n<\/div>\r\n<\/div>","protected":false},"excerpt":{"rendered":"<p>Educa\u00e7\u00e3o Nanjing 2009 &#8211; Especialista Internista em Medicina Tradicional Chinesa pela Universidade de Nanjing. Lisboa 2009 &#8211; Licenciatura em Medicina Tradicional Chinesa, ESMTC. Los Angeles 2005 &#8211; Especialista master em Biofeedback &#8211; Medicina Qu\u00e2ntica, pelo Quantum Centre of Excellence. Londres 2004 &#8211; Licenciatura em Filosofia pela University of London. Londres 2000 &#8211; Curso de Primeiros &hellip; <a href=\"https:\/\/www.md-clinic.pt\/en\/margarida-garcia\/\" class=\"more-link\">Ler mais<span class=\"screen-reader-text\"> &#8220;Margarida Garcia&#8221;<\/span><\/a><\/p>\n","protected":false},"author":1,"featured_media":361,"parent":0,"menu_order":0,"comment_status":"closed","ping_status":"closed","template":"","meta":{"footnotes":""},"class_list":["post-177","page","type-page","status-publish","has-post-thumbnail","hentry"],"_links":{"self":[{"href":"https:\/\/www.md-clinic.pt\/en\/wp-json\/wp\/v2\/pages\/177","targetHints":{"allow":["GET"]}}],"collection":[{"href":"https:\/\/www.md-clinic.pt\/en\/wp-json\/wp\/v2\/pages"}],"about":[{"href":"https:\/\/www.md-clinic.pt\/en\/wp-json\/wp\/v2\/types\/page"}],"author":[{"embeddable":true,"href":"https:\/\/www.md-clinic.pt\/en\/wp-json\/wp\/v2\/users\/1"}],"replies":[{"embeddable":true,"href":"https:\/\/www.md-clinic.pt\/en\/wp-json\/wp\/v2\/comments?post=177"}],"version-history":[{"count":23,"href":"https:\/\/www.md-clinic.pt\/en\/wp-json\/wp\/v2\/pages\/177\/revisions"}],"predecessor-version":[{"id":1621,"href":"https:\/\/www.md-clinic.pt\/en\/wp-json\/wp\/v2\/pages\/177\/revisions\/1621"}],"wp:featuredmedia":[{"embeddable":true,"href":"https:\/\/www.md-clinic.pt\/en\/wp-json\/wp\/v2\/media\/361"}],"wp:attachment":[{"href":"https:\/\/www.md-clinic.pt\/en\/wp-json\/wp\/v2\/media?parent=177"}],"curies":[{"name":"wp","href":"https:\/\/api.w.org\/{rel}","templated":true}]}}