{"id":1670,"date":"2020-08-06T08:44:21","date_gmt":"2020-08-06T08:44:21","guid":{"rendered":"http:\/\/www.md-clinic.pt\/?page_id=1670"},"modified":"2020-09-02T07:00:14","modified_gmt":"2020-09-02T07:00:14","slug":"maria-serra-brandao","status":"publish","type":"page","link":"https:\/\/www.md-clinic.pt\/en\/maria-serra-brandao\/","title":{"rendered":"Maria Serra Brand\u00e3o"},"content":{"rendered":"<h3>Educa\u00e7\u00e3o<\/h3>\r\n<p>Licenciada em Psicologia, com Mestrado em Ci\u00eancias do Sono pela Faculdade de Medicina da Universidade de Lisboa. Em 2012 completou a P\u00f3s-Gradua\u00e7\u00e3o em Terapias Cognitivas e Comportamentais no Instituto Superior de Psicologia Aplicada e posteriormente os cursos de <em>Cognitive Behavioral Therapy for Insomnia e Sleep and Cognition <\/em>pela<em> European Sleep Research Society.<\/em><\/p>\r\n<p>&nbsp;<\/p>\r\n<p>Participa\u00e7\u00e3o em diversos congressos nacionais e internacionais na \u00e1rea da Medicina do Sono. Formadora e oradora para diversos p\u00fablicos (em escolas, universidades e contexto empresarial).<\/p>\r\n<p>&nbsp;<\/p>\r\n<h3><strong>\u00c1reas de Interesse<\/strong><\/h3>\r\n<ul>\r\n\t<li>Ritmos de Sono do Beb\u00e9 (h\u00e1bitos e rotinas, ajuste e defini\u00e7\u00e3o de hor\u00e1rios de sono e alimenta\u00e7\u00e3o, higiene do sono, gerir fatores ambientais e familiares que influenciam e afetam o sono)<\/li>\r\n\t<li>Dist\u00farbios do Sono na Crian\u00e7a (ins\u00f3nia comportamental, resist\u00eancia ao sono, fraca autonomia no sono, medos e ansiedade relacionados a problemas emocionais, familiares e escolares, terrores noturnos, sonambulismo, pesadelos).<\/li>\r\n\t<li>Ins\u00f3nia do Adulto (Ins\u00f3nia Psicofisiol\u00f3gica, Ins\u00f3nia relacionada com perturba\u00e7\u00f5es de ansiedade, Ins\u00f3nia relacionada com problemas de stress).<\/li>\r\n<\/ul>\r\n<h3>Pessoal<\/h3>\r\n<div>Apaixonada pela vida e pelas ci\u00eancias humanas e naturais. Dedicada e estudiosa, procura sempre encontrar significado nos processos de mudan\u00e7a que promove.<\/div>\r\n<div>Determina\u00e7\u00e3o e rigor no trabalho combinam com um forte sentido est\u00e9tico e humano. A sua inspira\u00e7\u00e3o: dan\u00e7a, m\u00fasica, viagens e arte.<\/div>\r\n<div>\u00a0<\/div>\r\n<h3 style=\"text-align: center;\">Especialidade<\/h3>\r\n<p style=\"text-align: center;\"><a href=\"https:\/\/www.md-clinic.pt\/psicologia-do-sono\/\">Psicologia do Sono<\/a><\/p>\r\n<p style=\"text-align: center;\">_______<\/p>\r\n<p>&nbsp;<\/p>\r\n<div class=\"col-lg-12 col-md-12 col-sm-12 col-xs-12\"><a href=\"\/margarida-garcia\/\">Margarida Garcia<\/a><\/div>\r\n<div class=\"col-lg-12 col-md-12 col-sm-12 col-xs-12\"><a href=\"\/pedro-mr-veiga\/\">Pedro MR Veiga<\/a><\/div>\r\n<div class=\"col-lg-12 col-md-12 col-sm-12 col-xs-12\"><a href=\"\/ines-alves\/\">In\u00eas Alves<\/a><\/div>\r\n<div class=\"col-lg-12 col-md-12 col-sm-12 col-xs-12\"><a href=\"\/ana-rita-carmo\/\">Ana Rita Carmo<\/a><\/div>\r\n<div class=\"col-lg-12 col-md-12 col-sm-12 col-xs-12\"><a href=\"\/veronica-pinto-bruesten\/\">Ver\u00f3nica Pinto-Bruesten<\/a><\/div>\r\n<div class=\"col-lg-12 col-md-12 col-sm-12 col-xs-12\"><a href=\"\/ana-galhardo\/\">Ana Galhardo<\/a><\/div>\r\n<div class=\"col-lg-12 col-md-12 col-sm-12 col-xs-12\"><a href=\"\/vera-sedas\/\">Vera Sedas<\/a><\/div>\r\n<div class=\"col-lg-12 col-md-12 col-sm-12 col-xs-12\"><a href=\"\/marcia-sampaio\/\">M\u00e1rcia Sampaio<\/a><\/div>\r\n<div><a href=\"\/miguel-lopes\/\">Miguel Lopes<\/a><\/div>\r\n<div><a href=\"https:\/\/www.md-clinic.pt\/diana-pinheiro\/\">Diana Pinheiro<\/a><\/div>\r\n<div><a href=\"\/pedro-viega\/\">Pedro Viegas<\/a><\/div>\r\n<div><a href=\"\/ana-julia-lima\/\">Ana J\u00falia Lima<\/a><\/div>\r\n<div><a href=\"\/sascha-anna-vriend\/\">Sascha Anna Vriend<\/a><\/div>\r\n<div><a href=\"\/carina-guerreiro\/\">Carina Guerreiro<\/a><\/div>\r\n<div>Maria Serra Brand\u00e3o<\/div>","protected":false},"excerpt":{"rendered":"<p>Educa\u00e7\u00e3o Licenciada em Psicologia, com Mestrado em Ci\u00eancias do Sono pela Faculdade de Medicina da Universidade de Lisboa. Em 2012 completou a P\u00f3s-Gradua\u00e7\u00e3o em Terapias Cognitivas e Comportamentais no Instituto Superior de Psicologia Aplicada e posteriormente os cursos de Cognitive Behavioral Therapy for Insomnia e Sleep and Cognition pela European Sleep Research Society. &nbsp; Participa\u00e7\u00e3o &hellip; <a href=\"https:\/\/www.md-clinic.pt\/en\/maria-serra-brandao\/\" class=\"more-link\">Ler mais<span class=\"screen-reader-text\"> &#8220;Maria Serra Brand\u00e3o&#8221;<\/span><\/a><\/p>\n","protected":false},"author":3,"featured_media":0,"parent":0,"menu_order":0,"comment_status":"closed","ping_status":"closed","template":"","meta":{"footnotes":""},"class_list":["post-1670","page","type-page","status-publish","hentry"],"_links":{"self":[{"href":"https:\/\/www.md-clinic.pt\/en\/wp-json\/wp\/v2\/pages\/1670","targetHints":{"allow":["GET"]}}],"collection":[{"href":"https:\/\/www.md-clinic.pt\/en\/wp-json\/wp\/v2\/pages"}],"about":[{"href":"https:\/\/www.md-clinic.pt\/en\/wp-json\/wp\/v2\/types\/page"}],"author":[{"embeddable":true,"href":"https:\/\/www.md-clinic.pt\/en\/wp-json\/wp\/v2\/users\/3"}],"replies":[{"embeddable":true,"href":"https:\/\/www.md-clinic.pt\/en\/wp-json\/wp\/v2\/comments?post=1670"}],"version-history":[{"count":6,"href":"https:\/\/www.md-clinic.pt\/en\/wp-json\/wp\/v2\/pages\/1670\/revisions"}],"predecessor-version":[{"id":1686,"href":"https:\/\/www.md-clinic.pt\/en\/wp-json\/wp\/v2\/pages\/1670\/revisions\/1686"}],"wp:attachment":[{"href":"https:\/\/www.md-clinic.pt\/en\/wp-json\/wp\/v2\/media?parent=1670"}],"curies":[{"name":"wp","href":"https:\/\/api.w.org\/{rel}","templated":true}]}}