{"id":1219,"date":"2018-12-18T22:11:22","date_gmt":"2018-12-18T22:11:22","guid":{"rendered":"http:\/\/www.md-clinic.pt\/?page_id=1219"},"modified":"2019-07-08T17:16:06","modified_gmt":"2019-07-08T17:16:06","slug":"sascha-anna-vriend","status":"publish","type":"page","link":"https:\/\/www.md-clinic.pt\/en\/sascha-anna-vriend\/","title":{"rendered":"Sascha Anna Vriend"},"content":{"rendered":"\r\n<p>&nbsp;<\/p>\r\n<div class=\"col-lg-12 col-md-12 col-sm-12 col-xs-12\">\r\n\r\n<h4 class=\"wp-block-heading\"><strong>EDUCA\u00c7\u00c3O<\/strong><\/h4>\r\n\r\n\r\n<p>&nbsp;<\/p>\r\n\r\n\r\n<p style=\"text-align: left;\">Psic\u00f3loga Cl\u00ednica, membro da Ordem dos\u00a0Psic\u00f3logos Portugueses (OPP: 22920)<\/p>\r\n\r\n\r\n<p style=\"text-align: left;\">Formada em Teorias e T\u00e9cnicas das Psicoterapias Corporais pelo Centro Portugu\u00eas de Estudos Reichianos (T.T.P.C \u00aeCPER)<\/p>\r\n\r\n\r\n<p style=\"text-align: left;\">Formada em Massoterapia Integrativa (CPER)<\/p>\r\n\r\n\r\n<p style=\"text-align: left;\">Mestre em Psicologia Cl\u00ednica e da Sa\u00fade (ISPA)<\/p>\r\n\r\n\r\n<p style=\"text-align: left;\">Licenciada em Ci\u00eancias Biol\u00f3gicas de Psicologia (BSc, Edinburgh University)<\/p>\r\n\r\n\r\n<p>&nbsp;<\/p>\r\n\r\n\r\n<h4 class=\"wp-block-heading\"><strong>PROFISSIONAL<\/strong><\/h4>\r\n\r\n\r\n<p style=\"text-align: left;\">Experi\u00eancia cl\u00ednica no Centro de Medicina de Reabilita\u00e7\u00e3o de Alcoit\u00e3o (CMRA) no Servi\u00e7o de Reabilita\u00e7\u00e3o Geral de Adultos (Les\u00f5es Vertebromedulares e AVCs) e no Servi\u00e7o de Reabilita\u00e7\u00e3o Pedi\u00e1trica e de Desenvolvimento (SRPD).<\/p>\r\n\r\n\r\n<p style=\"text-align: left;\">Experi\u00eancia cl\u00ednica hospitalar no Hospital Santa Maria: Servi\u00e7o de Psiquiatria e Sa\u00fade Mental da Inf\u00e2ncia e da Adolesc\u00eancia.<\/p>\r\n\r\n\r\n<p style=\"text-align: left;\">Facilitadora de Workshops na \u00e1rea da Psicoterapia Corporal (sess\u00f5es de movimento e express\u00e3o corporal,\u00a0arte-terapia, Bioenerg\u00e9tica, din\u00e2micas de grupo, entre outros).<\/p>\r\n\r\n\r\n<p>&nbsp;<\/p>\r\n\r\n\r\n<h4 class=\"wp-block-heading\"><strong>PESSOAL<\/strong><\/h4>\r\n\r\n\r\n<p style=\"text-align: left;\">\u201cO trabalho \u00e9 o amor feito vis\u00edvel\u201d. -Kahlil Gibran.<br \/>\r\n<br \/>\r\n<\/p>\r\n\r\n\r\n<p style=\"text-align: left;\">Sempre tive tantas paix\u00f5es na vida que encontrar um \u00fanico caminho que me permitisse viver todos parecia imposs\u00edvel:amor pelas pessoas, pela biologia humana, pelo desporto, pela dan\u00e7a e pelas artes expressivas. Formada em Psicologia Cl\u00ednica, tirei uma p\u00f3s gradua\u00e7\u00e3o na \u00e1rea da Psicoterapia Corporal e atualmente intego v\u00e1rias t\u00e9cnicas no meu trabalho psicoterap\u00eautico, de forma a poder trabalhar com cada pessoa em todas as suas dimens\u00f5es \u00fanicas e especiais. Seja atrav\u00e9s da escuta ativa, do jogo, de um desenho ou de uma pintura,seja atrav\u00e9s do toque terap\u00eautico e da consci\u00eancia corporal, procuro ajudar cada cliente a descobrir o seu pr\u00f3prio caminho da cura e do crescimento. Ofere\u00e7o um espa\u00e7o de confian\u00e7a, sem ju\u00edzo de valor, onde se possa estabelecer uma rela\u00e7\u00e3o emp\u00e1tica que d\u00ea ao outro a for\u00e7a para ultrapassar dificuldades e ir ao encontro dos prazeres da vida, dos seus objetivos e acima de tudo, da sua ess\u00eancia.\u00a0 <br \/>\r\n<br \/>\r\n<\/p>\r\n\r\n\r\n<p style=\"text-align: left;\"><strong>L\u00ednguas:<\/strong> Portugu\u00eas e Ingl\u00eas.<br \/>\r\n<br \/>\r\n<\/p>\r\n\r\n\r\n<p style=\"text-align: left;\"><strong>SITE:<\/strong> <a href=\"http:\/\/www.saschaannavriend.com\">www.saschaannavriend.com<\/a><\/p>\r\n\r\n\r\n<h4 class=\"wp-block-heading\">Especialidade<\/h4>\r\n\r\n\r\n<p>Psicologia Cl\u00ednica | <a href=\"http:\/\/www.md-clinic.pt\/psicoterapia-corporal\/\">Psicoterapia Corporal<\/a><\/p>\r\n\r\n\r\n<p>_______<br \/>\r\n<br \/>\r\n<\/p>\r\n\r\n\r\n<p><a href=\"\/margarida-garcia\/\">Margarida Garcia<\/a><\/p>\r\n\r\n\r\n<p><a href=\"\/pedro-mr-veiga\/\">Pedro MR Veiga<\/a><\/p>\r\n\r\n\r\n<p><a href=\"\/ines-alves\/\">In\u00eas Alves<\/a><\/p>\r\n\r\n\r\n<p><a href=\"\/ana-rita-carmo\/\">Ana Rita Carmo<\/a><\/p>\r\n\r\n\r\n<p><a href=\"\/veronica-pinto-bruesten\/\">Ver\u00f3nica Pinto-Bruesten<\/a><\/p>\r\n\r\n\r\n<p><a href=\"\/ana-galhardo\/\">Ana Galhardo<\/a><\/p>\r\n\r\n\r\n<p><a href=\"\/vera-sedas\/\">Vera Sedas<\/a><\/p>\r\n\r\n\r\n\r\n<p><a href=\"\/marcia-sampaio\/\">M\u00e1rcia Sampaio<\/a><\/p>\r\n\r\n\r\n\r\n<p><a href=\"\/miguel-lopes\/\">Miguel Lopes<\/a><\/p>\r\n\r\n\r\n<p><a href=\"\/diana-pinheiro\/\">Diana Pinheiro<\/a><\/p>\r\n\r\n\r\n<p><a href=\"\/pedro-viega\/\">Pedro Viegas<\/a><\/p>\r\n\r\n\r\n<p><a href=\"\/ana-julia-lima\/\">Ana J\u00falia Lima<\/a><\/p>\r\n\r\n\r\n<p>Sascha Anna Vriend<\/p>\r\n<p><a href=\"\/carina-guerreiro\/\">Carina Guerreiro<\/a><\/p>\r\n<\/div>","protected":false},"excerpt":{"rendered":"<p>EDUCA\u00c7\u00c3O &nbsp; Psic\u00f3loga Cl\u00ednica, membro da Ordem dos\u00a0Psic\u00f3logos Portugueses (OPP: 22920) Formada em Teorias e T\u00e9cnicas das Psicoterapias Corporais pelo Centro Portugu\u00eas de Estudos Reichianos (T.T.P.C \u00aeCPER) Formada em Massoterapia Integrativa (CPER) Mestre em Psicologia Cl\u00ednica e da Sa\u00fade (ISPA) Licenciada em Ci\u00eancias Biol\u00f3gicas de Psicologia (BSc, Edinburgh University) &nbsp; PROFISSIONAL Experi\u00eancia cl\u00ednica no &hellip; <a href=\"https:\/\/www.md-clinic.pt\/en\/sascha-anna-vriend\/\" class=\"more-link\">Ler mais<span class=\"screen-reader-text\"> &#8220;Sascha Anna Vriend&#8221;<\/span><\/a><\/p>\n","protected":false},"author":3,"featured_media":1434,"parent":0,"menu_order":0,"comment_status":"closed","ping_status":"closed","template":"","meta":{"footnotes":""},"class_list":["post-1219","page","type-page","status-publish","has-post-thumbnail","hentry"],"_links":{"self":[{"href":"https:\/\/www.md-clinic.pt\/en\/wp-json\/wp\/v2\/pages\/1219","targetHints":{"allow":["GET"]}}],"collection":[{"href":"https:\/\/www.md-clinic.pt\/en\/wp-json\/wp\/v2\/pages"}],"about":[{"href":"https:\/\/www.md-clinic.pt\/en\/wp-json\/wp\/v2\/types\/page"}],"author":[{"embeddable":true,"href":"https:\/\/www.md-clinic.pt\/en\/wp-json\/wp\/v2\/users\/3"}],"replies":[{"embeddable":true,"href":"https:\/\/www.md-clinic.pt\/en\/wp-json\/wp\/v2\/comments?post=1219"}],"version-history":[{"count":34,"href":"https:\/\/www.md-clinic.pt\/en\/wp-json\/wp\/v2\/pages\/1219\/revisions"}],"predecessor-version":[{"id":1606,"href":"https:\/\/www.md-clinic.pt\/en\/wp-json\/wp\/v2\/pages\/1219\/revisions\/1606"}],"wp:featuredmedia":[{"embeddable":true,"href":"https:\/\/www.md-clinic.pt\/en\/wp-json\/wp\/v2\/media\/1434"}],"wp:attachment":[{"href":"https:\/\/www.md-clinic.pt\/en\/wp-json\/wp\/v2\/media?parent=1219"}],"curies":[{"name":"wp","href":"https:\/\/api.w.org\/{rel}","templated":true}]}}