{"id":1136,"date":"2018-09-27T10:32:59","date_gmt":"2018-09-27T10:32:59","guid":{"rendered":"http:\/\/www.md-clinic.pt\/?page_id=1136"},"modified":"2019-07-08T17:16:53","modified_gmt":"2019-07-08T17:16:53","slug":"ana-julia-lima","status":"publish","type":"page","link":"https:\/\/www.md-clinic.pt\/en\/ana-julia-lima\/","title":{"rendered":"Ana J\u00falia Lima"},"content":{"rendered":"<div class=\"col-lg-12 col-md-12 col-sm-12 col-xs-12\">\r\n<h3>Educa\u00e7\u00e3o<\/h3>\r\n<p style=\"text-align: left;\">2017 &#8211; Curso de Forma\u00e7\u00e3o Profissional Mesoterapia Homeop\u00e1tica<\/p>\r\n<p style=\"text-align: left;\">2015 &#8211; Curso Intensivo Reflexologia Podal<\/p>\r\n<p style=\"text-align: left;\">2011\/2010 &#8211; P\u00f3s-gradua\u00e7\u00e3o em Homeopatia<\/p>\r\n<p style=\"text-align: left;\">2011\/2007 &#8211; Gradua\u00e7\u00e3o em Naturopatia e Ci\u00eancia Tradicionais Holisticas<\/p>\r\n<p style=\"text-align: left;\">2006\/2001 &#8211; Licenciatura em Gest\u00e3o e Engenharia Industrial<\/p>\r\n<h3>Profissional<\/h3>\r\n<p style=\"text-align: left;\">Em 2006 Iniciou o percurso profissional num IPSS onde trabalhou na \u00e1rea de gest\u00e3o, seguindo-se de empresas na \u00e1rea da distribui\u00e7\u00e3o alimentar. Mas a sede por outros caminhos estava presente e por isso inicia-se na \u00e1rea do marketing numa clinica de terapias. Paralelamente \u00e0 frequ\u00eancia do curso de naturopatia realiza diversas forma\u00e7\u00f5es de reiki, leitura de aura, astrologia entre outros, com o objectivo de se desenvolver e conhecer profundamente o ser humano e tudo o que o envolve.<\/p>\r\n<p style=\"text-align: left;\">Ap\u00f3s termino do curso, em 2011 inicia estagio e posterior fun\u00e7\u00f5es de naturopatia numa clinica em Lisboa onde a abordagem \u00e9 atrav\u00e9s da terapia qu\u00e2ntica, iniciando por essa altura a paix\u00e3o pela mesma, como complemento \u00e0s consultas e tratamentos.<\/p>\r\n<p style=\"text-align: left;\">Desde 2015 e, ap\u00f3s uma pausa para a maternidade retoma fun\u00e7\u00f5es de naturopata em diversas cl\u00ednicas por Lisboa onde tem a oportunidade de aliar diferentes \u00e1reas da medicina alternativa &#8211; terapia qu\u00e2ntica, fitoterapia, homeopatia, vitaminoterapia, nutri\u00e7\u00e3o, auriculoterapia, magnetoterapia, reflexologia, etc -, ao diagn\u00f3stico e tratamento de pacientes.<\/p>\r\n<p style=\"text-align: left;\">Paralelamente tamb\u00e9m retoma alguns trabalhos na \u00e1rea de gest\u00e3o em empresas ligadas \u00e0 sa\u00fade.<\/p>\r\n<h3>Pessoal<\/h3>\r\n<p style=\"text-align: left;\">Licenciou-se em Gest\u00e3o e Eng. Industrial pelo ISCTE em 2006, mas pouco depois descobriu que o caminho era pela Naturopatia, ap\u00f3s um voluntariado no Hospital S\u00e3o Francisco Xavier atrav\u00e9s da Cruz Vermelha Portuguesa.<\/p>\r\n<p style=\"text-align: left;\">Formou-se ent\u00e3o em Naturopatia e Ci\u00eancias Tradicionais Hol\u00edsticas no Instituto de Medicina Tradicional, em 2011 e desde ent\u00e3o tem uma paix\u00e3o pela natureza e pelas pessoas.<\/p>\r\n<p style=\"text-align: left;\">Gosta de realizar tudo com amor e carinho e descobriu nos desafios uma ferramenta grande de aprendizagem e v\u00ea sempre o lado positivo da vida.<\/p>\r\n<p style=\"text-align: left;\">\u00c9 muito interessada na terapia qu\u00e2ntica, e por isso utiliza-a como ferramenta das suas consultas atrav\u00e9s dum dispositivo para analisar e corrigir as frequ\u00eancias electromagn\u00e9ticas do sistema humano e de tudo o que o envolve.<\/p>\r\n<p style=\"text-align: left;\">Tem uma p\u00f3s-gradua\u00e7\u00e3o em homeopatia, e forma\u00e7\u00e3o em alimenta\u00e7\u00e3o, florias de bach, fitoterapia, mesoterapia, reflexologia, reiki, leitura de aura, entre outros, utilizando este conhecimento para colaborar com todas as pessoas que chegam ate \u00e0s suas consultas, acreditando que tudo se consegue de &#8220;dentro para fora.&#8221;<\/p>\r\n<p style=\"text-align: left;\">Como forma de manter o equil\u00edbrio pratica medita\u00e7\u00e3o regular, corrida e estuda o mais poss\u00edvel sobre o ser humano.<\/p>\r\n<h3>Especialidade<\/h3>\r\n<p><a href=\"http:\/\/www.md-clinic.pt\/medicina-quantica\/\">Medicina Qu\u00e2ntica<\/a><\/p>\r\n<p style=\"text-align: center;\">_______<\/p>\r\n<div class=\"col-lg-12 col-md-12 col-sm-12 col-xs-12\"><a href=\"\/margarida-garcia\/\">Margarida Garcia<\/a><\/div>\r\n<div class=\"col-lg-12 col-md-12 col-sm-12 col-xs-12\"><a href=\"\/pedro-mr-veiga\/\">Pedro MR Veiga<\/a><\/div>\r\n<div class=\"col-lg-12 col-md-12 col-sm-12 col-xs-12\"><a href=\"\/ines-alves\/\">In\u00eas Alves<\/a><\/div>\r\n<div class=\"col-lg-12 col-md-12 col-sm-12 col-xs-12\"><a href=\"\/ana-rita-carmo\/\">Ana Rita Carmo<\/a><\/div>\r\n<div class=\"col-lg-12 col-md-12 col-sm-12 col-xs-12\"><a href=\"\/veronica-pinto-bruesten\/\">Ver\u00f3nica Pinto-Bruesten<\/a><\/div>\r\n<div class=\"col-lg-12 col-md-12 col-sm-12 col-xs-12\"><a href=\"\/ana-galhardo\/\">Ana Galhardo<\/a><\/div>\r\n<div class=\"col-lg-12 col-md-12 col-sm-12 col-xs-12\"><a href=\"\/vera-sedas\/\">Vera Sedas<\/a><\/div>\r\n<div class=\"col-lg-12 col-md-12 col-sm-12 col-xs-12\"><a href=\"\/marcia-sampaio\/\">M\u00e1rcia Sampaio<\/a><\/div>\r\n<div><a href=\"\/miguel-lopes\/\">Miguel Lopes<\/a><\/div>\r\n<div><a href=\"\/diana-pinheiro\/\">Diana Pinheiro<\/a><\/div>\r\n<div><a href=\"\/pedro-viega\/\">Pedro Viegas<\/a><\/div>\r\n<div>Ana J\u00falia Lima<\/div>\r\n<div><a href=\"\/sascha-anna-vriend\/\">Sascha Anna Vriend<\/a><\/div>\r\n<div><a href=\"\/carina-guerreiro\/\">Carina Guerreiro<\/a><\/div>\r\n<\/div>","protected":false},"excerpt":{"rendered":"<p>Educa\u00e7\u00e3o 2017 &#8211; Curso de Forma\u00e7\u00e3o Profissional Mesoterapia Homeop\u00e1tica 2015 &#8211; Curso Intensivo Reflexologia Podal 2011\/2010 &#8211; P\u00f3s-gradua\u00e7\u00e3o em Homeopatia 2011\/2007 &#8211; Gradua\u00e7\u00e3o em Naturopatia e Ci\u00eancia Tradicionais Holisticas 2006\/2001 &#8211; Licenciatura em Gest\u00e3o e Engenharia Industrial Profissional Em 2006 Iniciou o percurso profissional num IPSS onde trabalhou na \u00e1rea de gest\u00e3o, seguindo-se de empresas &hellip; <a href=\"https:\/\/www.md-clinic.pt\/en\/ana-julia-lima\/\" class=\"more-link\">Ler mais<span class=\"screen-reader-text\"> &#8220;Ana J\u00falia Lima&#8221;<\/span><\/a><\/p>\n","protected":false},"author":3,"featured_media":1375,"parent":0,"menu_order":0,"comment_status":"closed","ping_status":"closed","template":"","meta":{"footnotes":""},"class_list":["post-1136","page","type-page","status-publish","has-post-thumbnail","hentry"],"_links":{"self":[{"href":"https:\/\/www.md-clinic.pt\/en\/wp-json\/wp\/v2\/pages\/1136","targetHints":{"allow":["GET"]}}],"collection":[{"href":"https:\/\/www.md-clinic.pt\/en\/wp-json\/wp\/v2\/pages"}],"about":[{"href":"https:\/\/www.md-clinic.pt\/en\/wp-json\/wp\/v2\/types\/page"}],"author":[{"embeddable":true,"href":"https:\/\/www.md-clinic.pt\/en\/wp-json\/wp\/v2\/users\/3"}],"replies":[{"embeddable":true,"href":"https:\/\/www.md-clinic.pt\/en\/wp-json\/wp\/v2\/comments?post=1136"}],"version-history":[{"count":29,"href":"https:\/\/www.md-clinic.pt\/en\/wp-json\/wp\/v2\/pages\/1136\/revisions"}],"predecessor-version":[{"id":1607,"href":"https:\/\/www.md-clinic.pt\/en\/wp-json\/wp\/v2\/pages\/1136\/revisions\/1607"}],"wp:featuredmedia":[{"embeddable":true,"href":"https:\/\/www.md-clinic.pt\/en\/wp-json\/wp\/v2\/media\/1375"}],"wp:attachment":[{"href":"https:\/\/www.md-clinic.pt\/en\/wp-json\/wp\/v2\/media?parent=1136"}],"curies":[{"name":"wp","href":"https:\/\/api.w.org\/{rel}","templated":true}]}}